{"id":12,"date":"2023-11-20T10:43:51","date_gmt":"2023-11-20T10:43:51","guid":{"rendered":"http:\/\/www.bymishphotography.com\/?page_id=12"},"modified":"2024-01-24T14:31:50","modified_gmt":"2024-01-24T14:31:50","slug":"inicio","status":"publish","type":"page","link":"https:\/\/www.bymishphotography.com\/es\/","title":{"rendered":"Inicio"},"content":{"rendered":"\t\t<div data-elementor-type=\"wp-page\" data-elementor-id=\"12\" class=\"elementor elementor-12\" data-elementor-post-type=\"page\">\n\t\t\t\t<div class=\"elementor-element elementor-element-6fed31b e-con-full e-flex e-con e-parent\" data-id=\"6fed31b\" data-element_type=\"container\" data-e-type=\"container\" data-settings=\"{&quot;background_background&quot;:&quot;classic&quot;}\">\n\t\t<div class=\"elementor-element elementor-element-89d8a8d e-flex e-con-boxed e-con e-child\" data-id=\"89d8a8d\" data-element_type=\"container\" data-e-type=\"container\" data-settings=\"{&quot;position&quot;:&quot;absolute&quot;}\">\n\t\t\t\t\t<div class=\"e-con-inner\">\n\t\t\t\t<div class=\"elementor-element elementor-element-9c2d85d elementor-widget__width-initial elementor-widget-tablet__width-initial elementor-widget-mobile__width-initial elementor-widget elementor-widget-heading\" data-id=\"9c2d85d\" data-element_type=\"widget\" data-e-type=\"widget\" data-widget_type=\"heading.default\">\n\t\t\t\t<div class=\"elementor-widget-container\">\n\t\t\t\t\t<h1 class=\"elementor-heading-title elementor-size-default\">Fot\u00f3grafo Profesional en Barcelona<\/h1>\t\t\t\t<\/div>\n\t\t\t\t<\/div>\n\t\t\t\t<div class=\"elementor-element elementor-element-e31a848 elementor-widget elementor-widget-heading\" data-id=\"e31a848\" data-element_type=\"widget\" data-e-type=\"widget\" data-widget_type=\"heading.default\">\n\t\t\t\t<div class=\"elementor-widget-container\">\n\t\t\t\t\t<div class=\"elementor-heading-title elementor-size-default\">CAPTURANDO MOMENTOS DE LA VIDA<\/div>\t\t\t\t<\/div>\n\t\t\t\t<\/div>\n\t\t\t\t<div class=\"elementor-element elementor-element-61126b1 elementor-widget__width-initial elementor-widget elementor-widget-text-editor\" data-id=\"61126b1\" data-element_type=\"widget\" data-e-type=\"widget\" data-widget_type=\"text-editor.default\">\n\t\t\t\t<div class=\"elementor-widget-container\">\n\t\t\t\t\t\t\t\t\t<p>Creo fotograf\u00edas que te ayudar\u00e1n a recordar en a\u00f1os venideros momentos \u00fanicos de tu vida; plasmo en im\u00e1genes, la alegr\u00eda, el amor, y todo tipo de sensaciones. Busco la conexi\u00f3n aut\u00e9ntica con tu verdadero yo, mis fotograf\u00edas pretenden transmitir tu aut\u00e9ntica esencia. \u00a1Vamos a contar tu historia!<\/p>\t\t\t\t\t\t\t\t<\/div>\n\t\t\t\t<\/div>\n\t\t\t\t\t<\/div>\n\t\t\t\t<\/div>\n\t\t\t\t<\/div>\n\t\t<div class=\"elementor-element elementor-element-187753d e-con-full e-flex e-con e-parent\" data-id=\"187753d\" data-element_type=\"container\" data-e-type=\"container\" data-settings=\"{&quot;background_background&quot;:&quot;classic&quot;}\">\n\t\t\t\t<div class=\"elementor-element elementor-element-13bbdc7 elementor-widget elementor-widget-heading\" data-id=\"13bbdc7\" data-element_type=\"widget\" data-e-type=\"widget\" data-widget_type=\"heading.default\">\n\t\t\t\t<div class=\"elementor-widget-container\">\n\t\t\t\t\t<h2 class=\"elementor-heading-title elementor-size-default\">Recuerdos que viven para siempre<\/h2>\t\t\t\t<\/div>\n\t\t\t\t<\/div>\n\t\t<div class=\"elementor-element elementor-element-e6fdbdb e-flex e-con-boxed e-con e-child\" data-id=\"e6fdbdb\" data-element_type=\"container\" data-e-type=\"container\">\n\t\t\t\t\t<div class=\"e-con-inner\">\n\t\t\t\t\t<\/div>\n\t\t\t\t<\/div>\n\t\t\t\t<div class=\"elementor-element elementor-element-aa86f8c elementor-arrows-position-inside elementor-widget elementor-widget-image-carousel\" data-id=\"aa86f8c\" data-element_type=\"widget\" data-e-type=\"widget\" data-settings=\"{&quot;slides_to_show&quot;:&quot;3&quot;,&quot;navigation&quot;:&quot;arrows&quot;,&quot;autoplay&quot;:&quot;yes&quot;,&quot;pause_on_hover&quot;:&quot;yes&quot;,&quot;pause_on_interaction&quot;:&quot;yes&quot;,&quot;autoplay_speed&quot;:5000,&quot;infinite&quot;:&quot;yes&quot;,&quot;speed&quot;:500}\" data-widget_type=\"image-carousel.default\">\n\t\t\t\t<div class=\"elementor-widget-container\">\n\t\t\t\t\t\t\t<div class=\"elementor-image-carousel-wrapper swiper\" role=\"region\" aria-roledescription=\"carousel\" aria-label=\"Carrusel de im\u00e1genes\" dir=\"ltr\">\n\t\t\t<div class=\"elementor-image-carousel swiper-wrapper\" aria-live=\"off\">\n\t\t\t\t\t\t\t\t<div class=\"swiper-slide\" role=\"group\" aria-roledescription=\"slide\" aria-label=\"1 de 6\"><figure class=\"swiper-slide-inner\"><img decoding=\"async\" class=\"swiper-slide-image\" src=\"https:\/\/www.bymishphotography.com\/wp-content\/uploads\/2023\/12\/Mask-group-2023-12-14T102655.175-min.jpg\" alt=\"Mask group - 2023-12-14T102655.175-min\" \/><\/figure><\/div><div class=\"swiper-slide\" role=\"group\" aria-roledescription=\"slide\" aria-label=\"2 de 6\"><figure class=\"swiper-slide-inner\"><img decoding=\"async\" class=\"swiper-slide-image\" src=\"https:\/\/www.bymishphotography.com\/wp-content\/uploads\/2023\/12\/Mask-group-2023-12-14T102659.987-min.jpg\" alt=\"Mask group - 2023-12-14T102659.987-min\" \/><\/figure><\/div><div class=\"swiper-slide\" role=\"group\" aria-roledescription=\"slide\" aria-label=\"3 de 6\"><figure class=\"swiper-slide-inner\"><img decoding=\"async\" class=\"swiper-slide-image\" src=\"https:\/\/www.bymishphotography.com\/wp-content\/uploads\/2023\/12\/Mask-group-2023-12-14T102706.908-min.jpg\" alt=\"Mask group - 2023-12-14T102706.908-min\" \/><\/figure><\/div><div class=\"swiper-slide\" role=\"group\" aria-roledescription=\"slide\" aria-label=\"4 de 6\"><figure class=\"swiper-slide-inner\"><img decoding=\"async\" class=\"swiper-slide-image\" src=\"https:\/\/www.bymishphotography.com\/wp-content\/uploads\/2023\/12\/Mask-group-2023-12-14T102711.814-min.jpg\" alt=\"Mask group - 2023-12-14T102711.814-min\" \/><\/figure><\/div><div class=\"swiper-slide\" role=\"group\" aria-roledescription=\"slide\" aria-label=\"5 de 6\"><figure class=\"swiper-slide-inner\"><img decoding=\"async\" class=\"swiper-slide-image\" src=\"https:\/\/www.bymishphotography.com\/wp-content\/uploads\/2023\/12\/Mask-group-2023-12-14T102716.279-min.jpg\" alt=\"Mask group - 2023-12-14T102716.279-min\" \/><\/figure><\/div><div class=\"swiper-slide\" role=\"group\" aria-roledescription=\"slide\" aria-label=\"6 de 6\"><figure class=\"swiper-slide-inner\"><img decoding=\"async\" class=\"swiper-slide-image\" src=\"https:\/\/www.bymishphotography.com\/wp-content\/uploads\/2023\/12\/Mask-group-2023-12-14T102720.041-min.jpg\" alt=\"Mask group - 2023-12-14T102720.041-min\" \/><\/figure><\/div>\t\t\t<\/div>\n\t\t\t\t\t\t\t\t\t\t\t\t<div class=\"elementor-swiper-button elementor-swiper-button-prev\" role=\"button\" tabindex=\"0\">\n\t\t\t\t\t\t<svg aria-hidden=\"true\" class=\"e-font-icon-svg e-eicon-chevron-left\" viewBox=\"0 0 1000 1000\" xmlns=\"http:\/\/www.w3.org\/2000\/svg\"><path d=\"M646 125C629 125 613 133 604 142L308 442C296 454 292 471 292 487 292 504 296 521 308 533L604 854C617 867 629 875 646 875 663 875 679 871 692 858 704 846 713 829 713 812 713 796 708 779 692 767L438 487 692 225C700 217 708 204 708 187 708 171 704 154 692 142 675 129 663 125 646 125Z\"><\/path><\/svg>\t\t\t\t\t<\/div>\n\t\t\t\t\t<div class=\"elementor-swiper-button elementor-swiper-button-next\" role=\"button\" tabindex=\"0\">\n\t\t\t\t\t\t<svg aria-hidden=\"true\" class=\"e-font-icon-svg e-eicon-chevron-right\" viewBox=\"0 0 1000 1000\" xmlns=\"http:\/\/www.w3.org\/2000\/svg\"><path d=\"M696 533C708 521 713 504 713 487 713 471 708 454 696 446L400 146C388 133 375 125 354 125 338 125 325 129 313 142 300 154 292 171 292 187 292 204 296 221 308 233L563 492 304 771C292 783 288 800 288 817 288 833 296 850 308 863 321 871 338 875 354 875 371 875 388 867 400 854L696 533Z\"><\/path><\/svg>\t\t\t\t\t<\/div>\n\t\t\t\t\n\t\t\t\t\t\t\t\t\t<\/div>\n\t\t\t\t\t\t<\/div>\n\t\t\t\t<\/div>\n\t\t\t\t<div class=\"elementor-element elementor-element-bdafd1e elementor-absolute elementor-hidden-mobile elementor-widget elementor-widget-image\" data-id=\"bdafd1e\" data-element_type=\"widget\" data-e-type=\"widget\" data-settings=\"{&quot;_position&quot;:&quot;absolute&quot;}\" data-widget_type=\"image.default\">\n\t\t\t\t<div class=\"elementor-widget-container\">\n\t\t\t\t\t\t\t\t\t\t\t\t\t\t\t<img fetchpriority=\"high\" decoding=\"async\" width=\"297\" height=\"582\" src=\"https:\/\/www.bymishphotography.com\/wp-content\/uploads\/2023\/11\/Frame-29-1.png\" class=\"attachment-large size-large wp-image-84\" alt=\"\" srcset=\"https:\/\/www.bymishphotography.com\/wp-content\/uploads\/2023\/11\/Frame-29-1.png 297w, https:\/\/www.bymishphotography.com\/wp-content\/uploads\/2023\/11\/Frame-29-1-153x300.png 153w\" sizes=\"(max-width: 297px) 100vw, 297px\" \/>\t\t\t\t\t\t\t\t\t\t\t\t\t\t\t<\/div>\n\t\t\t\t<\/div>\n\t\t\t\t<\/div>\n\t\t<div class=\"elementor-element elementor-element-fd94cb8 e-con-full e-flex e-con e-parent\" data-id=\"fd94cb8\" data-element_type=\"container\" data-e-type=\"container\" data-settings=\"{&quot;background_background&quot;:&quot;classic&quot;}\">\n\t\t<div class=\"elementor-element elementor-element-f25e603 e-flex e-con-boxed e-con e-child\" data-id=\"f25e603\" data-element_type=\"container\" data-e-type=\"container\">\n\t\t\t\t\t<div class=\"e-con-inner\">\n\t\t\t\t<div class=\"elementor-element elementor-element-c9c558b elementor-widget elementor-widget-image\" data-id=\"c9c558b\" data-element_type=\"widget\" data-e-type=\"widget\" data-widget_type=\"image.default\">\n\t\t\t\t<div class=\"elementor-widget-container\">\n\t\t\t\t\t\t\t\t\t\t\t\t\t\t\t<img decoding=\"async\" width=\"1600\" height=\"653\" src=\"https:\/\/www.bymishphotography.com\/wp-content\/uploads\/2023\/12\/Mask-group-2023-12-14T102930.984-min.jpg\" class=\"attachment-2048x2048 size-2048x2048 wp-image-533\" alt=\"\" srcset=\"https:\/\/www.bymishphotography.com\/wp-content\/uploads\/2023\/12\/Mask-group-2023-12-14T102930.984-min.jpg 1600w, https:\/\/www.bymishphotography.com\/wp-content\/uploads\/2023\/12\/Mask-group-2023-12-14T102930.984-min-300x122.jpg 300w, https:\/\/www.bymishphotography.com\/wp-content\/uploads\/2023\/12\/Mask-group-2023-12-14T102930.984-min-1024x418.jpg 1024w, https:\/\/www.bymishphotography.com\/wp-content\/uploads\/2023\/12\/Mask-group-2023-12-14T102930.984-min-768x313.jpg 768w, https:\/\/www.bymishphotography.com\/wp-content\/uploads\/2023\/12\/Mask-group-2023-12-14T102930.984-min-1536x627.jpg 1536w\" sizes=\"(max-width: 1600px) 100vw, 1600px\" \/>\t\t\t\t\t\t\t\t\t\t\t\t\t\t\t<\/div>\n\t\t\t\t<\/div>\n\t\t<div class=\"elementor-element elementor-element-9502c60 elementor-hidden-tablet elementor-hidden-mobile e-flex e-con-boxed e-con e-child\" data-id=\"9502c60\" data-element_type=\"container\" data-e-type=\"container\" data-settings=\"{&quot;position&quot;:&quot;absolute&quot;}\">\n\t\t\t\t\t<div class=\"e-con-inner\">\n\t\t\t\t<div class=\"elementor-element elementor-element-d564ab1 elementor-widget elementor-widget-heading\" data-id=\"d564ab1\" data-element_type=\"widget\" data-e-type=\"widget\" data-widget_type=\"heading.default\">\n\t\t\t\t<div class=\"elementor-widget-container\">\n\t\t\t\t\t<h3 class=\"elementor-heading-title elementor-size-default\">Fotograf\u00eda LifeStyle<\/h3>\t\t\t\t<\/div>\n\t\t\t\t<\/div>\n\t\t\t\t<div class=\"elementor-element elementor-element-cb49d5f elementor-widget__width-initial elementor-widget elementor-widget-text-editor\" data-id=\"cb49d5f\" data-element_type=\"widget\" data-e-type=\"widget\" data-widget_type=\"text-editor.default\">\n\t\t\t\t<div class=\"elementor-widget-container\">\n\t\t\t\t\t\t\t\t\t<p>Estilo fotogr\u00e1fico que utilizo para retratar la vida cotidiana de un modo natural y cercano. Me permite desarrollar toda mi creatividad y jugar con las diferentes acciones dentro de una escena. Perfecta fusi\u00f3n entre la naturalidad de lo cotidiano y la belleza de los espacios exteriores. En este servicio se incluyen reportajes de boda, fotos de embarazos, fotos de familia, books para turistas, fotos de parejas, y fotos de pedidas matrimoniales.<\/p>\t\t\t\t\t\t\t\t<\/div>\n\t\t\t\t<\/div>\n\t\t\t\t<div class=\"elementor-element elementor-element-a804244 elementor-widget elementor-widget-button\" data-id=\"a804244\" data-element_type=\"widget\" data-e-type=\"widget\" data-widget_type=\"button.default\">\n\t\t\t\t<div class=\"elementor-widget-container\">\n\t\t\t\t\t\t\t\t\t<div class=\"elementor-button-wrapper\">\n\t\t\t\t\t<a class=\"elementor-button elementor-button-link elementor-size-md\" href=\"\/fotografia-lifestyle-en-barcelona\/\">\n\t\t\t\t\t\t<span class=\"elementor-button-content-wrapper\">\n\t\t\t\t\t\t<span class=\"elementor-button-icon\">\n\t\t\t\t<svg xmlns=\"http:\/\/www.w3.org\/2000\/svg\" width=\"25\" height=\"25\" viewBox=\"0 0 25 25\" fill=\"none\"><g id=\"Arrow Up 1\" clip-path=\"url(#clip0_20_135)\"><g id=\"arrow-up-1--arrow-up-keyboard\"><path id=\"Vector\" d=\"M1.35715 12.5L23.6429 12.5\" stroke=\"white\" stroke-width=\"1.71429\" stroke-linecap=\"round\" stroke-linejoin=\"round\"><\/path><path id=\"Vector_2\" d=\"M17.6429 18.5L23.6429 12.5L17.6429 6.5\" stroke=\"white\" stroke-width=\"1.71429\" stroke-linecap=\"round\" stroke-linejoin=\"round\"><\/path><\/g><\/g><defs><clipPath id=\"clip0_20_135\"><rect width=\"24\" height=\"24\" fill=\"white\" transform=\"translate(24.5 0.5) rotate(90)\"><\/rect><\/clipPath><\/defs><\/svg>\t\t\t<\/span>\n\t\t\t\t\t\t\t\t\t<span class=\"elementor-button-text\">Conoce mi trabajo<\/span>\n\t\t\t\t\t<\/span>\n\t\t\t\t\t<\/a>\n\t\t\t\t<\/div>\n\t\t\t\t\t\t\t\t<\/div>\n\t\t\t\t<\/div>\n\t\t\t\t\t<\/div>\n\t\t\t\t<\/div>\n\t\t<div class=\"elementor-element elementor-element-8353d8a elementor-hidden-desktop e-flex e-con-boxed e-con e-child\" data-id=\"8353d8a\" data-element_type=\"container\" data-e-type=\"container\">\n\t\t\t\t\t<div class=\"e-con-inner\">\n\t\t\t\t<div class=\"elementor-element elementor-element-d176efb elementor-widget elementor-widget-heading\" data-id=\"d176efb\" data-element_type=\"widget\" data-e-type=\"widget\" data-widget_type=\"heading.default\">\n\t\t\t\t<div class=\"elementor-widget-container\">\n\t\t\t\t\t<h3 class=\"elementor-heading-title elementor-size-default\">Fotograf\u00eda LifeStyle<\/h3>\t\t\t\t<\/div>\n\t\t\t\t<\/div>\n\t\t\t\t<div class=\"elementor-element elementor-element-889d65e elementor-widget__width-initial elementor-widget elementor-widget-text-editor\" data-id=\"889d65e\" data-element_type=\"widget\" data-e-type=\"widget\" data-widget_type=\"text-editor.default\">\n\t\t\t\t<div class=\"elementor-widget-container\">\n\t\t\t\t\t\t\t\t\t<p>Estilo fotogr\u00e1fico que utilizo para retratar la vida cotidiana de un modo natural y cercano. Me permite desarrollar toda mi creatividad y jugar con las diferentes acciones dentro de una escena. Perfecta fusi\u00f3n entre la naturalidad de lo cotidiano y la belleza de los espacios exteriores. En este servicio se incluyen reportajes de boda, fotos de embarazos, fotos de familia, books para turistas, fotos de parejas, y fotos de pedidas matrimoniales.<\/p>\t\t\t\t\t\t\t\t<\/div>\n\t\t\t\t<\/div>\n\t\t\t\t<div class=\"elementor-element elementor-element-a8dd2bf elementor-widget elementor-widget-button\" data-id=\"a8dd2bf\" data-element_type=\"widget\" data-e-type=\"widget\" data-widget_type=\"button.default\">\n\t\t\t\t<div class=\"elementor-widget-container\">\n\t\t\t\t\t\t\t\t\t<div class=\"elementor-button-wrapper\">\n\t\t\t\t\t<a class=\"elementor-button elementor-button-link elementor-size-md\" href=\"\/fotografia-lifestyle-en-barcelona\/\">\n\t\t\t\t\t\t<span class=\"elementor-button-content-wrapper\">\n\t\t\t\t\t\t<span class=\"elementor-button-icon\">\n\t\t\t\t<svg xmlns=\"http:\/\/www.w3.org\/2000\/svg\" width=\"25\" height=\"25\" viewBox=\"0 0 25 25\" fill=\"none\"><g id=\"Arrow Up 1\" clip-path=\"url(#clip0_20_135)\"><g id=\"arrow-up-1--arrow-up-keyboard\"><path id=\"Vector\" d=\"M1.35715 12.5L23.6429 12.5\" stroke=\"white\" stroke-width=\"1.71429\" stroke-linecap=\"round\" stroke-linejoin=\"round\"><\/path><path id=\"Vector_2\" d=\"M17.6429 18.5L23.6429 12.5L17.6429 6.5\" stroke=\"white\" stroke-width=\"1.71429\" stroke-linecap=\"round\" stroke-linejoin=\"round\"><\/path><\/g><\/g><defs><clipPath id=\"clip0_20_135\"><rect width=\"24\" height=\"24\" fill=\"white\" transform=\"translate(24.5 0.5) rotate(90)\"><\/rect><\/clipPath><\/defs><\/svg>\t\t\t<\/span>\n\t\t\t\t\t\t\t\t\t<span class=\"elementor-button-text\">Conoce mi trabajo<\/span>\n\t\t\t\t\t<\/span>\n\t\t\t\t\t<\/a>\n\t\t\t\t<\/div>\n\t\t\t\t\t\t\t\t<\/div>\n\t\t\t\t<\/div>\n\t\t\t\t\t<\/div>\n\t\t\t\t<\/div>\n\t\t\t\t\t<\/div>\n\t\t\t\t<\/div>\n\t\t\t\t<\/div>\n\t\t<div class=\"elementor-element elementor-element-64db0c3 e-con-full e-flex e-con e-parent\" data-id=\"64db0c3\" data-element_type=\"container\" data-e-type=\"container\" data-settings=\"{&quot;background_background&quot;:&quot;classic&quot;}\">\n\t\t<div class=\"elementor-element elementor-element-ed4b4a4 e-flex e-con-boxed e-con e-child\" data-id=\"ed4b4a4\" data-element_type=\"container\" data-e-type=\"container\">\n\t\t\t\t\t<div class=\"e-con-inner\">\n\t\t\t\t<div class=\"elementor-element elementor-element-462af79 elementor-widget elementor-widget-image\" data-id=\"462af79\" data-element_type=\"widget\" data-e-type=\"widget\" data-widget_type=\"image.default\">\n\t\t\t\t<div class=\"elementor-widget-container\">\n\t\t\t\t\t\t\t\t\t\t\t\t\t\t\t<img decoding=\"async\" width=\"1600\" height=\"653\" src=\"https:\/\/www.bymishphotography.com\/wp-content\/uploads\/2023\/12\/Mask-group-2023-12-14T102936.130-min.jpg\" class=\"attachment-2048x2048 size-2048x2048 wp-image-534\" alt=\"\" srcset=\"https:\/\/www.bymishphotography.com\/wp-content\/uploads\/2023\/12\/Mask-group-2023-12-14T102936.130-min.jpg 1600w, https:\/\/www.bymishphotography.com\/wp-content\/uploads\/2023\/12\/Mask-group-2023-12-14T102936.130-min-300x122.jpg 300w, https:\/\/www.bymishphotography.com\/wp-content\/uploads\/2023\/12\/Mask-group-2023-12-14T102936.130-min-1024x418.jpg 1024w, https:\/\/www.bymishphotography.com\/wp-content\/uploads\/2023\/12\/Mask-group-2023-12-14T102936.130-min-768x313.jpg 768w, https:\/\/www.bymishphotography.com\/wp-content\/uploads\/2023\/12\/Mask-group-2023-12-14T102936.130-min-1536x627.jpg 1536w\" sizes=\"(max-width: 1600px) 100vw, 1600px\" \/>\t\t\t\t\t\t\t\t\t\t\t\t\t\t\t<\/div>\n\t\t\t\t<\/div>\n\t\t\t\t\t<\/div>\n\t\t\t\t<\/div>\n\t\t<div class=\"elementor-element elementor-element-4840839 elementor-hidden-tablet elementor-hidden-mobile e-flex e-con-boxed e-con e-child\" data-id=\"4840839\" data-element_type=\"container\" data-e-type=\"container\" data-settings=\"{&quot;position&quot;:&quot;absolute&quot;}\">\n\t\t\t\t\t<div class=\"e-con-inner\">\n\t\t<div class=\"elementor-element elementor-element-cbeb6c5 e-flex e-con-boxed e-con e-child\" data-id=\"cbeb6c5\" data-element_type=\"container\" data-e-type=\"container\">\n\t\t\t\t\t<div class=\"e-con-inner\">\n\t\t\t\t\t<\/div>\n\t\t\t\t<\/div>\n\t\t<div class=\"elementor-element elementor-element-111c1cc e-con-full e-flex e-con e-child\" data-id=\"111c1cc\" data-element_type=\"container\" data-e-type=\"container\">\n\t\t\t\t<div class=\"elementor-element elementor-element-57918bb elementor-widget elementor-widget-heading\" data-id=\"57918bb\" data-element_type=\"widget\" data-e-type=\"widget\" data-widget_type=\"heading.default\">\n\t\t\t\t<div class=\"elementor-widget-container\">\n\t\t\t\t\t<h3 class=\"elementor-heading-title elementor-size-default\">Fotograf\u00eda Corporativa<\/h3>\t\t\t\t<\/div>\n\t\t\t\t<\/div>\n\t\t\t\t<div class=\"elementor-element elementor-element-1303431 elementor-widget__width-initial elementor-widget elementor-widget-text-editor\" data-id=\"1303431\" data-element_type=\"widget\" data-e-type=\"widget\" data-widget_type=\"text-editor.default\">\n\t\t\t\t<div class=\"elementor-widget-container\">\n\t\t\t\t\t\t\t\t\tRealizo reportajes corporativos y de branding para emprendedores<span style=\"color: #fff;\"> y empresas<\/span> que buscan potenciar su imagen. Capturo la esencia de una empresa, su cultura, sus valores y su visi\u00f3n. En cada reportaje me sumerjo en el coraz\u00f3n de cada organizaci\u00f3n, buscando capturar momentos que revelen la autenticidad y el compromiso que la empresa tiene con su misi\u00f3n. En este ser vicio se incluyen retratos, fotos de eventos empresariales, fotograf\u00edas de marca personal, y fotos de team building.\t\t\t\t\t\t\t\t<\/div>\n\t\t\t\t<\/div>\n\t\t\t\t<div class=\"elementor-element elementor-element-c543470 elementor-widget elementor-widget-button\" data-id=\"c543470\" data-element_type=\"widget\" data-e-type=\"widget\" data-widget_type=\"button.default\">\n\t\t\t\t<div class=\"elementor-widget-container\">\n\t\t\t\t\t\t\t\t\t<div class=\"elementor-button-wrapper\">\n\t\t\t\t\t<a class=\"elementor-button elementor-button-link elementor-size-md\" href=\"\/fotografia-corporativa-en-barcelona\/\">\n\t\t\t\t\t\t<span class=\"elementor-button-content-wrapper\">\n\t\t\t\t\t\t<span class=\"elementor-button-icon\">\n\t\t\t\t<svg xmlns=\"http:\/\/www.w3.org\/2000\/svg\" width=\"25\" height=\"25\" viewBox=\"0 0 25 25\" fill=\"none\"><g id=\"Arrow Up 1\" clip-path=\"url(#clip0_20_135)\"><g id=\"arrow-up-1--arrow-up-keyboard\"><path id=\"Vector\" d=\"M1.35715 12.5L23.6429 12.5\" stroke=\"white\" stroke-width=\"1.71429\" stroke-linecap=\"round\" stroke-linejoin=\"round\"><\/path><path id=\"Vector_2\" d=\"M17.6429 18.5L23.6429 12.5L17.6429 6.5\" stroke=\"white\" stroke-width=\"1.71429\" stroke-linecap=\"round\" stroke-linejoin=\"round\"><\/path><\/g><\/g><defs><clipPath id=\"clip0_20_135\"><rect width=\"24\" height=\"24\" fill=\"white\" transform=\"translate(24.5 0.5) rotate(90)\"><\/rect><\/clipPath><\/defs><\/svg>\t\t\t<\/span>\n\t\t\t\t\t\t\t\t\t<span class=\"elementor-button-text\">Conoce mi trabajo<\/span>\n\t\t\t\t\t<\/span>\n\t\t\t\t\t<\/a>\n\t\t\t\t<\/div>\n\t\t\t\t\t\t\t\t<\/div>\n\t\t\t\t<\/div>\n\t\t\t\t<\/div>\n\t\t\t\t\t<\/div>\n\t\t\t\t<\/div>\n\t\t<div class=\"elementor-element elementor-element-b98bda6 elementor-hidden-desktop e-flex e-con-boxed e-con e-child\" data-id=\"b98bda6\" data-element_type=\"container\" data-e-type=\"container\">\n\t\t\t\t\t<div class=\"e-con-inner\">\n\t\t<div class=\"elementor-element elementor-element-548f178 e-con-full elementor-hidden-tablet elementor-hidden-mobile e-flex e-con e-child\" data-id=\"548f178\" data-element_type=\"container\" data-e-type=\"container\">\n\t\t\t\t<\/div>\n\t\t<div class=\"elementor-element elementor-element-040bddd e-con-full e-flex e-con e-child\" data-id=\"040bddd\" data-element_type=\"container\" data-e-type=\"container\">\n\t\t\t\t<div class=\"elementor-element elementor-element-c9f65f3 elementor-widget elementor-widget-heading\" data-id=\"c9f65f3\" data-element_type=\"widget\" data-e-type=\"widget\" data-widget_type=\"heading.default\">\n\t\t\t\t<div class=\"elementor-widget-container\">\n\t\t\t\t\t<h3 class=\"elementor-heading-title elementor-size-default\">Fotograf\u00eda Corporativa<\/h3>\t\t\t\t<\/div>\n\t\t\t\t<\/div>\n\t\t\t\t<div class=\"elementor-element elementor-element-64147f5 elementor-widget__width-initial elementor-widget elementor-widget-text-editor\" data-id=\"64147f5\" data-element_type=\"widget\" data-e-type=\"widget\" data-widget_type=\"text-editor.default\">\n\t\t\t\t<div class=\"elementor-widget-container\">\n\t\t\t\t\t\t\t\t\tRealizo reportajes corporativos y de branding para emprendedores<span style=\"color: #fff;\"> y empresas<\/span> que buscan potenciar su imagen. Capturo la esencia de una empresa, su cultura, sus valores y su visi\u00f3n. En cada reportaje me sumerjo en el coraz\u00f3n de cada organizaci\u00f3n, buscando capturar momentos que revelen la autenticidad y el compromiso que la empresa tiene con su misi\u00f3n. En este ser vicio se incluyen retratos, fotos de eventos empresariales, fotograf\u00edas de marca personal, y fotos de team building.\t\t\t\t\t\t\t\t<\/div>\n\t\t\t\t<\/div>\n\t\t\t\t<div class=\"elementor-element elementor-element-14927d7 elementor-widget elementor-widget-button\" data-id=\"14927d7\" data-element_type=\"widget\" data-e-type=\"widget\" data-widget_type=\"button.default\">\n\t\t\t\t<div class=\"elementor-widget-container\">\n\t\t\t\t\t\t\t\t\t<div class=\"elementor-button-wrapper\">\n\t\t\t\t\t<a class=\"elementor-button elementor-button-link elementor-size-sm\" href=\"\/fotografia-corporativa-en-barcelona\/\">\n\t\t\t\t\t\t<span class=\"elementor-button-content-wrapper\">\n\t\t\t\t\t\t<span class=\"elementor-button-icon\">\n\t\t\t\t<svg xmlns=\"http:\/\/www.w3.org\/2000\/svg\" width=\"25\" height=\"25\" viewBox=\"0 0 25 25\" fill=\"none\"><g id=\"Arrow Up 1\" clip-path=\"url(#clip0_20_135)\"><g id=\"arrow-up-1--arrow-up-keyboard\"><path id=\"Vector\" d=\"M1.35715 12.5L23.6429 12.5\" stroke=\"white\" stroke-width=\"1.71429\" stroke-linecap=\"round\" stroke-linejoin=\"round\"><\/path><path id=\"Vector_2\" d=\"M17.6429 18.5L23.6429 12.5L17.6429 6.5\" stroke=\"white\" stroke-width=\"1.71429\" stroke-linecap=\"round\" stroke-linejoin=\"round\"><\/path><\/g><\/g><defs><clipPath id=\"clip0_20_135\"><rect width=\"24\" height=\"24\" fill=\"white\" transform=\"translate(24.5 0.5) rotate(90)\"><\/rect><\/clipPath><\/defs><\/svg>\t\t\t<\/span>\n\t\t\t\t\t\t\t\t\t<span class=\"elementor-button-text\">Conoce mi trabajo<\/span>\n\t\t\t\t\t<\/span>\n\t\t\t\t\t<\/a>\n\t\t\t\t<\/div>\n\t\t\t\t\t\t\t\t<\/div>\n\t\t\t\t<\/div>\n\t\t\t\t<\/div>\n\t\t\t\t\t<\/div>\n\t\t\t\t<\/div>\n\t\t\t\t<\/div>\n\t\t<div class=\"elementor-element elementor-element-b2a62e1 e-con-full e-flex e-con e-parent\" data-id=\"b2a62e1\" data-element_type=\"container\" data-e-type=\"container\" data-settings=\"{&quot;background_background&quot;:&quot;classic&quot;}\">\n\t\t\t\t<div class=\"elementor-element elementor-element-d6a7644 elementor-absolute elementor-widget elementor-widget-image\" data-id=\"d6a7644\" data-element_type=\"widget\" data-e-type=\"widget\" data-settings=\"{&quot;_position&quot;:&quot;absolute&quot;}\" data-widget_type=\"image.default\">\n\t\t\t\t<div class=\"elementor-widget-container\">\n\t\t\t\t\t\t\t\t\t\t\t\t\t\t\t<img loading=\"lazy\" decoding=\"async\" width=\"281\" height=\"607\" src=\"https:\/\/www.bymishphotography.com\/wp-content\/uploads\/2023\/11\/Frame-28-1.png\" class=\"attachment-2048x2048 size-2048x2048 wp-image-211\" alt=\"\" srcset=\"https:\/\/www.bymishphotography.com\/wp-content\/uploads\/2023\/11\/Frame-28-1.png 281w, https:\/\/www.bymishphotography.com\/wp-content\/uploads\/2023\/11\/Frame-28-1-139x300.png 139w\" sizes=\"(max-width: 281px) 100vw, 281px\" \/>\t\t\t\t\t\t\t\t\t\t\t\t\t\t\t<\/div>\n\t\t\t\t<\/div>\n\t\t\t\t<\/div>\n\t\t<div class=\"elementor-element elementor-element-b6b688e e-flex e-con-boxed e-con e-parent\" data-id=\"b6b688e\" data-element_type=\"container\" data-e-type=\"container\" data-settings=\"{&quot;background_background&quot;:&quot;classic&quot;}\">\n\t\t\t\t\t<div class=\"e-con-inner\">\n\t\t<div class=\"elementor-element elementor-element-091a976 e-con-full e-flex e-con e-child\" data-id=\"091a976\" data-element_type=\"container\" data-e-type=\"container\">\n\t\t\t\t<div class=\"elementor-element elementor-element-b25f96b elementor-widget elementor-widget-image\" data-id=\"b25f96b\" data-element_type=\"widget\" data-e-type=\"widget\" data-widget_type=\"image.default\">\n\t\t\t\t<div class=\"elementor-widget-container\">\n\t\t\t\t\t\t\t\t\t\t\t\t\t\t\t<img loading=\"lazy\" decoding=\"async\" width=\"770\" height=\"507\" src=\"https:\/\/www.bymishphotography.com\/wp-content\/uploads\/2023\/12\/Mask-group-2023-12-14T103031.182-min.jpg\" class=\"attachment-large size-large wp-image-535\" alt=\"\" srcset=\"https:\/\/www.bymishphotography.com\/wp-content\/uploads\/2023\/12\/Mask-group-2023-12-14T103031.182-min.jpg 770w, https:\/\/www.bymishphotography.com\/wp-content\/uploads\/2023\/12\/Mask-group-2023-12-14T103031.182-min-300x198.jpg 300w, https:\/\/www.bymishphotography.com\/wp-content\/uploads\/2023\/12\/Mask-group-2023-12-14T103031.182-min-768x506.jpg 768w\" sizes=\"(max-width: 770px) 100vw, 770px\" \/>\t\t\t\t\t\t\t\t\t\t\t\t\t\t\t<\/div>\n\t\t\t\t<\/div>\n\t\t\t\t<\/div>\n\t\t<div class=\"elementor-element elementor-element-d766bad e-con-full e-flex e-con e-child\" data-id=\"d766bad\" data-element_type=\"container\" data-e-type=\"container\">\n\t\t\t\t<div class=\"elementor-element elementor-element-d799bc9 elementor-widget elementor-widget-heading\" data-id=\"d799bc9\" data-element_type=\"widget\" data-e-type=\"widget\" data-widget_type=\"heading.default\">\n\t\t\t\t<div class=\"elementor-widget-container\">\n\t\t\t\t\t<h2 class=\"elementor-heading-title elementor-size-default\">Sesiones fotogr\u00e1ficas c\u00f3modas y divertidas<\/h2>\t\t\t\t<\/div>\n\t\t\t\t<\/div>\n\t\t\t\t<div class=\"elementor-element elementor-element-9000a7d elementor-widget elementor-widget-text-editor\" data-id=\"9000a7d\" data-element_type=\"widget\" data-e-type=\"widget\" data-widget_type=\"text-editor.default\">\n\t\t\t\t<div class=\"elementor-widget-container\">\n\t\t\t\t\t\t\t\t\t<p>Te mereces una experiencia fotogr\u00e1fica \u00fanica. Mi objetivo es que te olvides de la c\u00e1mara en cada sesi\u00f3n y te diviertas. Para ello, te conocer\u00e9 antes de cada sesi\u00f3n con la idea de poder captar en mis fotograf\u00edas tu verdadero yo. Captar\u00e9 a trav\u00e9s de mi objetivo y de manera natural momentos que quieras recordar para siempre. Prometo ayudarte durante toda la sesi\u00f3n para que consigamos captar los verdaderos sentimientos del momento.<\/p><p>Desde el mismo momento que cuentes conmigo para hacer tu proyecto realidad, ser\u00e1s el centro de mi atenci\u00f3n. Te ayudar\u00e9 a elegir las mejores ubicaciones, planificar el momento adecuado para la iluminaci\u00f3n, ayudarte con el cronograma, y todo lo que necesites. Quiero que esto sea sencillo, c\u00f3modo y sin estr\u00e9s para ti. Te guiar\u00e9 para que te sientas c\u00f3modo y puedas expresar ante la c\u00e1mara tu verdadera esencia.<\/p>\t\t\t\t\t\t\t\t<\/div>\n\t\t\t\t<\/div>\n\t\t\t\t<\/div>\n\t\t\t\t\t<\/div>\n\t\t\t\t<\/div>\n\t\t<div class=\"elementor-element elementor-element-3808713 e-flex e-con-boxed e-con e-parent\" data-id=\"3808713\" data-element_type=\"container\" data-e-type=\"container\" data-settings=\"{&quot;background_background&quot;:&quot;classic&quot;}\">\n\t\t\t\t\t<div class=\"e-con-inner\">\n\t\t<div class=\"elementor-element elementor-element-ef476b5 e-con-full e-flex e-con e-child\" data-id=\"ef476b5\" data-element_type=\"container\" data-e-type=\"container\">\n\t\t\t\t<div class=\"elementor-element elementor-element-e5eaa8e elementor-widget elementor-widget-heading\" data-id=\"e5eaa8e\" data-element_type=\"widget\" data-e-type=\"widget\" data-widget_type=\"heading.default\">\n\t\t\t\t<div class=\"elementor-widget-container\">\n\t\t\t\t\t<h2 class=\"elementor-heading-title elementor-size-default\">Preguntas Frecuentes<\/h2>\t\t\t\t<\/div>\n\t\t\t\t<\/div>\n\t\t\t\t<div class=\"elementor-element elementor-element-254b5e1 elementor-widget__width-inherit elementor-widget elementor-widget-text-editor\" data-id=\"254b5e1\" data-element_type=\"widget\" data-e-type=\"widget\" data-widget_type=\"text-editor.default\">\n\t\t\t\t<div class=\"elementor-widget-container\">\n\t\t\t\t\t\t\t\t\t<p>A trav\u00e9s de esta secci\u00f3n respondo las dudas m\u00e1s habituales sobre mis servicios de fotograf\u00eda. Siempre escucho las propuestas de mis clientes e intento cumplir con sus expectativas. Estoy a tu disposici\u00f3n para conseguir las fotograf\u00edas m\u00e1s bonitas y emotivas de tu vida.<\/p>\t\t\t\t\t\t\t\t<\/div>\n\t\t\t\t<\/div>\n\t\t\t\t<\/div>\n\t\t<div class=\"elementor-element elementor-element-7928a95 e-con-full e-flex e-con e-child\" data-id=\"7928a95\" data-element_type=\"container\" data-e-type=\"container\">\n\t\t\t\t<div class=\"elementor-element elementor-element-7a4dcb2 elementor-widget elementor-widget-accordion\" data-id=\"7a4dcb2\" data-element_type=\"widget\" data-e-type=\"widget\" data-widget_type=\"accordion.default\">\n\t\t\t\t<div class=\"elementor-widget-container\">\n\t\t\t\t\t\t\t<div class=\"elementor-accordion\">\n\t\t\t\t\t\t\t<div class=\"elementor-accordion-item\">\n\t\t\t\t\t<h3 id=\"elementor-tab-title-1281\" class=\"elementor-tab-title\" data-tab=\"1\" role=\"button\" aria-controls=\"elementor-tab-content-1281\" aria-expanded=\"false\">\n\t\t\t\t\t\t\t\t\t\t\t\t\t<span class=\"elementor-accordion-icon elementor-accordion-icon-right\" aria-hidden=\"true\">\n\t\t\t\t\t\t\t\t\t\t\t\t\t\t\t<span class=\"elementor-accordion-icon-closed\"><svg class=\"e-font-icon-svg e-fas-plus-circle\" viewBox=\"0 0 512 512\" xmlns=\"http:\/\/www.w3.org\/2000\/svg\"><path d=\"M256 8C119 8 8 119 8 256s111 248 248 248 248-111 248-248S393 8 256 8zm144 276c0 6.6-5.4 12-12 12h-92v92c0 6.6-5.4 12-12 12h-56c-6.6 0-12-5.4-12-12v-92h-92c-6.6 0-12-5.4-12-12v-56c0-6.6 5.4-12 12-12h92v-92c0-6.6 5.4-12 12-12h56c6.6 0 12 5.4 12 12v92h92c6.6 0 12 5.4 12 12v56z\"><\/path><\/svg><\/span>\n\t\t\t\t\t\t\t\t<span class=\"elementor-accordion-icon-opened\"><svg class=\"e-font-icon-svg e-fas-minus-circle\" viewBox=\"0 0 512 512\" xmlns=\"http:\/\/www.w3.org\/2000\/svg\"><path d=\"M256 8C119 8 8 119 8 256s111 248 248 248 248-111 248-248S393 8 256 8zM124 296c-6.6 0-12-5.4-12-12v-56c0-6.6 5.4-12 12-12h264c6.6 0 12 5.4 12 12v56c0 6.6-5.4 12-12 12H124z\"><\/path><\/svg><\/span>\n\t\t\t\t\t\t\t\t\t\t\t\t\t\t<\/span>\n\t\t\t\t\t\t\t\t\t\t\t\t<a class=\"elementor-accordion-title\" tabindex=\"0\">\u00bfDISPONES DE ESTUDIO PROPIO PARA HACER FOTOGRAF\u00cdAS?<\/a>\n\t\t\t\t\t<\/h3>\n\t\t\t\t\t<div id=\"elementor-tab-content-1281\" class=\"elementor-tab-content elementor-clearfix\" data-tab=\"1\" role=\"region\" aria-labelledby=\"elementor-tab-title-1281\"><p>No hago fotograf\u00edas de estudio. Utilizo la vibrante ciudad de Barcelona como escenario de mis fotograf\u00edas. Considero que la ciudad es el lugar perfecto para capturar im\u00e1genes de ensue\u00f1o. Mis fotograf\u00edas se centran en aprovechar la belleza natural y aut\u00e9ntica de los espacios exteriores. Cada rinc\u00f3n de Barcelona ofrece un tel\u00f3n de fondo \u00fanico y encantador que transforma mis fotograf\u00edas en aut\u00e9nticas obras de arte. Barcelona, con su rica arquitectura y su ambiente distintivo, se convierte en una fuente constante de inspiraci\u00f3n para m\u00ed. Tambi\u00e9n puedo ir a las casas de mis clientes para realizar fotograf\u00edas, si as\u00ed lo desea, porque se sienten m\u00e1s c\u00f3modos.<\/p><\/div>\n\t\t\t\t<\/div>\n\t\t\t\t\t\t\t<div class=\"elementor-accordion-item\">\n\t\t\t\t\t<h3 id=\"elementor-tab-title-1282\" class=\"elementor-tab-title\" data-tab=\"2\" role=\"button\" aria-controls=\"elementor-tab-content-1282\" aria-expanded=\"false\">\n\t\t\t\t\t\t\t\t\t\t\t\t\t<span class=\"elementor-accordion-icon elementor-accordion-icon-right\" aria-hidden=\"true\">\n\t\t\t\t\t\t\t\t\t\t\t\t\t\t\t<span class=\"elementor-accordion-icon-closed\"><svg class=\"e-font-icon-svg e-fas-plus-circle\" viewBox=\"0 0 512 512\" xmlns=\"http:\/\/www.w3.org\/2000\/svg\"><path d=\"M256 8C119 8 8 119 8 256s111 248 248 248 248-111 248-248S393 8 256 8zm144 276c0 6.6-5.4 12-12 12h-92v92c0 6.6-5.4 12-12 12h-56c-6.6 0-12-5.4-12-12v-92h-92c-6.6 0-12-5.4-12-12v-56c0-6.6 5.4-12 12-12h92v-92c0-6.6 5.4-12 12-12h56c6.6 0 12 5.4 12 12v92h92c6.6 0 12 5.4 12 12v56z\"><\/path><\/svg><\/span>\n\t\t\t\t\t\t\t\t<span class=\"elementor-accordion-icon-opened\"><svg class=\"e-font-icon-svg e-fas-minus-circle\" viewBox=\"0 0 512 512\" xmlns=\"http:\/\/www.w3.org\/2000\/svg\"><path d=\"M256 8C119 8 8 119 8 256s111 248 248 248 248-111 248-248S393 8 256 8zM124 296c-6.6 0-12-5.4-12-12v-56c0-6.6 5.4-12 12-12h264c6.6 0 12 5.4 12 12v56c0 6.6-5.4 12-12 12H124z\"><\/path><\/svg><\/span>\n\t\t\t\t\t\t\t\t\t\t\t\t\t\t<\/span>\n\t\t\t\t\t\t\t\t\t\t\t\t<a class=\"elementor-accordion-title\" tabindex=\"0\">\u00bfEN CU\u00c1NTO TIEMPO RECIBIR\u00c9 MIS FOTOGRAF\u00cdAS?<\/a>\n\t\t\t\t\t<\/h3>\n\t\t\t\t\t<div id=\"elementor-tab-content-1282\" class=\"elementor-tab-content elementor-clearfix\" data-tab=\"2\" role=\"region\" aria-labelledby=\"elementor-tab-title-1282\"><p>Lo primero que debes tener claro es que trabajo duro para asegurarme de que cada imagen cumpla con mi est\u00e1ndar art\u00edstico y tenga mi aspecto caracter\u00edstico. Mi edici\u00f3n se aplica y ajusta en funci\u00f3n de aspectos como el brillo y el color \u00f3ptimo. Nunca quiero comprometer la calidad de mis fotograf\u00edas. As\u00ed que, por lo general, te entregar\u00e9 tus fotos en un m\u00e1ximo de 2 semanas, y siempre enviar\u00e9 un \u201csneak peek\u201d de las im\u00e1genes en 72 horas despu\u00e9s de la sesi\u00f3n.<\/p><\/div>\n\t\t\t\t<\/div>\n\t\t\t\t\t\t\t<div class=\"elementor-accordion-item\">\n\t\t\t\t\t<h3 id=\"elementor-tab-title-1283\" class=\"elementor-tab-title\" data-tab=\"3\" role=\"button\" aria-controls=\"elementor-tab-content-1283\" aria-expanded=\"false\">\n\t\t\t\t\t\t\t\t\t\t\t\t\t<span class=\"elementor-accordion-icon elementor-accordion-icon-right\" aria-hidden=\"true\">\n\t\t\t\t\t\t\t\t\t\t\t\t\t\t\t<span class=\"elementor-accordion-icon-closed\"><svg class=\"e-font-icon-svg e-fas-plus-circle\" viewBox=\"0 0 512 512\" xmlns=\"http:\/\/www.w3.org\/2000\/svg\"><path d=\"M256 8C119 8 8 119 8 256s111 248 248 248 248-111 248-248S393 8 256 8zm144 276c0 6.6-5.4 12-12 12h-92v92c0 6.6-5.4 12-12 12h-56c-6.6 0-12-5.4-12-12v-92h-92c-6.6 0-12-5.4-12-12v-56c0-6.6 5.4-12 12-12h92v-92c0-6.6 5.4-12 12-12h56c6.6 0 12 5.4 12 12v92h92c6.6 0 12 5.4 12 12v56z\"><\/path><\/svg><\/span>\n\t\t\t\t\t\t\t\t<span class=\"elementor-accordion-icon-opened\"><svg class=\"e-font-icon-svg e-fas-minus-circle\" viewBox=\"0 0 512 512\" xmlns=\"http:\/\/www.w3.org\/2000\/svg\"><path d=\"M256 8C119 8 8 119 8 256s111 248 248 248 248-111 248-248S393 8 256 8zM124 296c-6.6 0-12-5.4-12-12v-56c0-6.6 5.4-12 12-12h264c6.6 0 12 5.4 12 12v56c0 6.6-5.4 12-12 12H124z\"><\/path><\/svg><\/span>\n\t\t\t\t\t\t\t\t\t\t\t\t\t\t<\/span>\n\t\t\t\t\t\t\t\t\t\t\t\t<a class=\"elementor-accordion-title\" tabindex=\"0\">C\u00d3MO PUEDO RESERVAR UNA SESI\u00d3N DE FOTOGRAF\u00cdA?<\/a>\n\t\t\t\t\t<\/h3>\n\t\t\t\t\t<div id=\"elementor-tab-content-1283\" class=\"elementor-tab-content elementor-clearfix\" data-tab=\"3\" role=\"region\" aria-labelledby=\"elementor-tab-title-1283\"><p>Reservar una sesi\u00f3n de fotograf\u00eda conmigo es un proceso muy sencillo. Puedes contactar conmigo a trav\u00e9s del tel\u00e9fono, correo electr\u00f3nico, WhatsApp o el formulario de contacto que encontrar\u00e1s en esta web. Puedes visitar mi p\u00e1gina de<a href=\"https:\/\/www.instagram.com\/by_mish\/\" target=\"_blank\" rel=\"noopener\"> Instagram <\/a>\u00a0 para ver mi trabajo.<\/p><\/div>\n\t\t\t\t<\/div>\n\t\t\t\t\t\t\t\t\t\t<script type=\"application\/ld+json\">{\"@context\":\"https:\\\/\\\/schema.org\",\"@type\":\"FAQPage\",\"mainEntity\":[{\"@type\":\"Question\",\"name\":\"\\u00bfDISPONES DE ESTUDIO PROPIO PARA HACER FOTOGRAF\\u00cdAS?\",\"acceptedAnswer\":{\"@type\":\"Answer\",\"text\":\"<p>No hago fotograf\\u00edas de estudio. Utilizo la vibrante ciudad de Barcelona como escenario de mis fotograf\\u00edas. Considero que la ciudad es el lugar perfecto para capturar im\\u00e1genes de ensue\\u00f1o. Mis fotograf\\u00edas se centran en aprovechar la belleza natural y aut\\u00e9ntica de los espacios exteriores. Cada rinc\\u00f3n de Barcelona ofrece un tel\\u00f3n de fondo \\u00fanico y encantador que transforma mis fotograf\\u00edas en aut\\u00e9nticas obras de arte. Barcelona, con su rica arquitectura y su ambiente distintivo, se convierte en una fuente constante de inspiraci\\u00f3n para m\\u00ed. Tambi\\u00e9n puedo ir a las casas de mis clientes para realizar fotograf\\u00edas, si as\\u00ed lo desea, porque se sienten m\\u00e1s c\\u00f3modos.<\\\/p>\"}},{\"@type\":\"Question\",\"name\":\"\\u00bfEN CU\\u00c1NTO TIEMPO RECIBIR\\u00c9 MIS FOTOGRAF\\u00cdAS?\",\"acceptedAnswer\":{\"@type\":\"Answer\",\"text\":\"<p>Lo primero que debes tener claro es que trabajo duro para asegurarme de que cada imagen cumpla con mi est\\u00e1ndar art\\u00edstico y tenga mi aspecto caracter\\u00edstico. Mi edici\\u00f3n se aplica y ajusta en funci\\u00f3n de aspectos como el brillo y el color \\u00f3ptimo. Nunca quiero comprometer la calidad de mis fotograf\\u00edas. As\\u00ed que, por lo general, te entregar\\u00e9 tus fotos en un m\\u00e1ximo de 2 semanas, y siempre enviar\\u00e9 un \\u201csneak peek\\u201d de las im\\u00e1genes en 72 horas despu\\u00e9s de la sesi\\u00f3n.<\\\/p>\"}},{\"@type\":\"Question\",\"name\":\"C\\u00d3MO PUEDO RESERVAR UNA SESI\\u00d3N DE FOTOGRAF\\u00cdA?\",\"acceptedAnswer\":{\"@type\":\"Answer\",\"text\":\"<p>Reservar una sesi\\u00f3n de fotograf\\u00eda conmigo es un proceso muy sencillo. Puedes contactar conmigo a trav\\u00e9s del tel\\u00e9fono, correo electr\\u00f3nico, WhatsApp o el formulario de contacto que encontrar\\u00e1s en esta web. Puedes visitar mi p\\u00e1gina de<a href=\\\"https:\\\/\\\/www.instagram.com\\\/by_mish\\\/\\\" target=\\\"_blank\\\" rel=\\\"noopener\\\"> Instagram <\\\/a>\\u00a0 para ver mi trabajo.<\\\/p>\"}}]}<\/script>\n\t\t\t\t\t<\/div>\n\t\t\t\t\t\t<\/div>\n\t\t\t\t<\/div>\n\t\t\t\t<div class=\"elementor-element elementor-element-88e8987 elementor-widget elementor-widget-html\" data-id=\"88e8987\" data-element_type=\"widget\" data-e-type=\"widget\" data-widget_type=\"html.default\">\n\t\t\t\t<div class=\"elementor-widget-container\">\n\t\t\t\t\t<script>\r\njQuery(document).ready(function($) {\r\nvar delay = 500; setTimeout(function() {\r\n$('.elementor-tab-title').removeClass('elementor-active');\r\n $('.elementor-tab-content').css('display', 'none'); }, delay);\r\n});\r\n<\/script>\t\t\t\t<\/div>\n\t\t\t\t<\/div>\n\t\t\t\t<\/div>\n\t\t\t\t\t<\/div>\n\t\t\t\t<\/div>\n\t\t\t\t<\/div>\n\t\t","protected":false},"excerpt":{"rendered":"<p>Fot\u00f3grafo Profesional en Barcelona CAPTURANDO MOMENTOS DE LA VIDA Creo fotograf\u00edas que te ayudar\u00e1n a recordar en a\u00f1os venideros momentos \u00fanicos de tu vida; plasmo en im\u00e1genes, la alegr\u00eda, el amor, y todo tipo de sensaciones. Busco la conexi\u00f3n aut\u00e9ntica con tu verdadero yo, mis fotograf\u00edas pretenden transmitir tu aut\u00e9ntica esencia. \u00a1Vamos a contar tu [&hellip;]<\/p>\n","protected":false},"author":1,"featured_media":0,"parent":0,"menu_order":0,"comment_status":"closed","ping_status":"closed","template":"elementor_header_footer","meta":{"footnotes":""},"class_list":["post-12","page","type-page","status-publish","hentry"],"yoast_head":"<!-- This site is optimized with the Yoast SEO plugin v27.5 - https:\/\/yoast.com\/product\/yoast-seo-wordpress\/ -->\n<title>Inicio - Mische Fotograf&iacute;a<\/title>\n<meta name=\"robots\" content=\"index, follow, max-snippet:-1, max-image-preview:large, max-video-preview:-1\" \/>\n<link rel=\"canonical\" href=\"https:\/\/www.bymishphotography.com\/es\/\" \/>\n<meta property=\"og:locale\" content=\"es_ES\" \/>\n<meta property=\"og:type\" content=\"article\" \/>\n<meta property=\"og:title\" content=\"Inicio - Mische Fotograf&iacute;a\" \/>\n<meta property=\"og:description\" content=\"Fot\u00f3grafo Profesional en Barcelona CAPTURANDO MOMENTOS DE LA VIDA Creo fotograf\u00edas que te ayudar\u00e1n a recordar en a\u00f1os venideros momentos \u00fanicos de tu vida; plasmo en im\u00e1genes, la alegr\u00eda, el amor, y todo tipo de sensaciones. Busco la conexi\u00f3n aut\u00e9ntica con tu verdadero yo, mis fotograf\u00edas pretenden transmitir tu aut\u00e9ntica esencia. \u00a1Vamos a contar tu [&hellip;]\" \/>\n<meta property=\"og:url\" content=\"https:\/\/www.bymishphotography.com\/es\/\" \/>\n<meta property=\"og:site_name\" content=\"Mische Fotograf&iacute;a\" \/>\n<meta property=\"article:modified_time\" content=\"2024-01-24T14:31:50+00:00\" \/>\n<meta property=\"og:image\" content=\"https:\/\/www.bymishphotography.com\/wp-content\/uploads\/2023\/12\/Mask-group-2023-12-14T102655.175-min.jpg\" \/>\n<meta name=\"twitter:card\" content=\"summary_large_image\" \/>\n<meta name=\"twitter:label1\" content=\"Tiempo de lectura\" \/>\n\t<meta name=\"twitter:data1\" content=\"8 minutos\" \/>\n<script type=\"application\/ld+json\" class=\"yoast-schema-graph\">{\"@context\":\"https:\\\/\\\/schema.org\",\"@graph\":[{\"@type\":\"WebPage\",\"@id\":\"https:\\\/\\\/www.bymishphotography.com\\\/es\\\/\",\"url\":\"https:\\\/\\\/www.bymishphotography.com\\\/es\\\/\",\"name\":\"Inicio - Mische Fotograf&iacute;a\",\"isPartOf\":{\"@id\":\"https:\\\/\\\/www.bymishphotography.com\\\/es\\\/#website\"},\"primaryImageOfPage\":{\"@id\":\"https:\\\/\\\/www.bymishphotography.com\\\/es\\\/#primaryimage\"},\"image\":{\"@id\":\"https:\\\/\\\/www.bymishphotography.com\\\/es\\\/#primaryimage\"},\"thumbnailUrl\":\"https:\\\/\\\/www.bymishphotography.com\\\/wp-content\\\/uploads\\\/2023\\\/12\\\/Mask-group-2023-12-14T102655.175-min.jpg\",\"datePublished\":\"2023-11-20T10:43:51+00:00\",\"dateModified\":\"2024-01-24T14:31:50+00:00\",\"breadcrumb\":{\"@id\":\"https:\\\/\\\/www.bymishphotography.com\\\/es\\\/#breadcrumb\"},\"inLanguage\":\"es\",\"potentialAction\":[{\"@type\":\"ReadAction\",\"target\":[\"https:\\\/\\\/www.bymishphotography.com\\\/es\\\/\"]}]},{\"@type\":\"ImageObject\",\"inLanguage\":\"es\",\"@id\":\"https:\\\/\\\/www.bymishphotography.com\\\/es\\\/#primaryimage\",\"url\":\"https:\\\/\\\/www.bymishphotography.com\\\/wp-content\\\/uploads\\\/2023\\\/12\\\/Mask-group-2023-12-14T102655.175-min.jpg\",\"contentUrl\":\"https:\\\/\\\/www.bymishphotography.com\\\/wp-content\\\/uploads\\\/2023\\\/12\\\/Mask-group-2023-12-14T102655.175-min.jpg\"},{\"@type\":\"BreadcrumbList\",\"@id\":\"https:\\\/\\\/www.bymishphotography.com\\\/es\\\/#breadcrumb\",\"itemListElement\":[{\"@type\":\"ListItem\",\"position\":1,\"name\":\"Portada\",\"item\":\"https:\\\/\\\/www.bymishphotography.com\\\/es\\\/\"},{\"@type\":\"ListItem\",\"position\":2,\"name\":\"Inicio\"}]},{\"@type\":\"WebSite\",\"@id\":\"https:\\\/\\\/www.bymishphotography.com\\\/es\\\/#website\",\"url\":\"https:\\\/\\\/www.bymishphotography.com\\\/es\\\/\",\"name\":\"Mische Fotograf\u00eda\",\"description\":\"Mische Fotograf&iacute;a Barcelona\",\"publisher\":{\"@id\":\"https:\\\/\\\/www.bymishphotography.com\\\/es\\\/#organization\"},\"potentialAction\":[{\"@type\":\"SearchAction\",\"target\":{\"@type\":\"EntryPoint\",\"urlTemplate\":\"https:\\\/\\\/www.bymishphotography.com\\\/es\\\/?s={search_term_string}\"},\"query-input\":{\"@type\":\"PropertyValueSpecification\",\"valueRequired\":true,\"valueName\":\"search_term_string\"}}],\"inLanguage\":\"es\"},{\"@type\":\"Organization\",\"@id\":\"https:\\\/\\\/www.bymishphotography.com\\\/es\\\/#organization\",\"name\":\"Mische Fotograf\u00eda\",\"url\":\"https:\\\/\\\/www.bymishphotography.com\\\/es\\\/\",\"logo\":{\"@type\":\"ImageObject\",\"inLanguage\":\"es\",\"@id\":\"https:\\\/\\\/www.bymishphotography.com\\\/es\\\/#\\\/schema\\\/logo\\\/image\\\/\",\"url\":\"https:\\\/\\\/www.bymishphotography.com\\\/wp-content\\\/uploads\\\/2023\\\/11\\\/finalimageOnly-1.png\",\"contentUrl\":\"https:\\\/\\\/www.bymishphotography.com\\\/wp-content\\\/uploads\\\/2023\\\/11\\\/finalimageOnly-1.png\",\"width\":71,\"height\":65,\"caption\":\"Mische Fotograf\u00eda\"},\"image\":{\"@id\":\"https:\\\/\\\/www.bymishphotography.com\\\/es\\\/#\\\/schema\\\/logo\\\/image\\\/\"}}]}<\/script>\n<!-- \/ Yoast SEO plugin. -->","yoast_head_json":{"title":"Inicio - Mische Fotograf&iacute;a","robots":{"index":"index","follow":"follow","max-snippet":"max-snippet:-1","max-image-preview":"max-image-preview:large","max-video-preview":"max-video-preview:-1"},"canonical":"https:\/\/www.bymishphotography.com\/es\/","og_locale":"es_ES","og_type":"article","og_title":"Inicio - Mische Fotograf&iacute;a","og_description":"Fot\u00f3grafo Profesional en Barcelona CAPTURANDO MOMENTOS DE LA VIDA Creo fotograf\u00edas que te ayudar\u00e1n a recordar en a\u00f1os venideros momentos \u00fanicos de tu vida; plasmo en im\u00e1genes, la alegr\u00eda, el amor, y todo tipo de sensaciones. Busco la conexi\u00f3n aut\u00e9ntica con tu verdadero yo, mis fotograf\u00edas pretenden transmitir tu aut\u00e9ntica esencia. \u00a1Vamos a contar tu [&hellip;]","og_url":"https:\/\/www.bymishphotography.com\/es\/","og_site_name":"Mische Fotograf&iacute;a","article_modified_time":"2024-01-24T14:31:50+00:00","og_image":[{"url":"https:\/\/www.bymishphotography.com\/wp-content\/uploads\/2023\/12\/Mask-group-2023-12-14T102655.175-min.jpg","type":"","width":"","height":""}],"twitter_card":"summary_large_image","twitter_misc":{"Tiempo de lectura":"8 minutos"},"schema":{"@context":"https:\/\/schema.org","@graph":[{"@type":"WebPage","@id":"https:\/\/www.bymishphotography.com\/es\/","url":"https:\/\/www.bymishphotography.com\/es\/","name":"Inicio - Mische Fotograf&iacute;a","isPartOf":{"@id":"https:\/\/www.bymishphotography.com\/es\/#website"},"primaryImageOfPage":{"@id":"https:\/\/www.bymishphotography.com\/es\/#primaryimage"},"image":{"@id":"https:\/\/www.bymishphotography.com\/es\/#primaryimage"},"thumbnailUrl":"https:\/\/www.bymishphotography.com\/wp-content\/uploads\/2023\/12\/Mask-group-2023-12-14T102655.175-min.jpg","datePublished":"2023-11-20T10:43:51+00:00","dateModified":"2024-01-24T14:31:50+00:00","breadcrumb":{"@id":"https:\/\/www.bymishphotography.com\/es\/#breadcrumb"},"inLanguage":"es","potentialAction":[{"@type":"ReadAction","target":["https:\/\/www.bymishphotography.com\/es\/"]}]},{"@type":"ImageObject","inLanguage":"es","@id":"https:\/\/www.bymishphotography.com\/es\/#primaryimage","url":"https:\/\/www.bymishphotography.com\/wp-content\/uploads\/2023\/12\/Mask-group-2023-12-14T102655.175-min.jpg","contentUrl":"https:\/\/www.bymishphotography.com\/wp-content\/uploads\/2023\/12\/Mask-group-2023-12-14T102655.175-min.jpg"},{"@type":"BreadcrumbList","@id":"https:\/\/www.bymishphotography.com\/es\/#breadcrumb","itemListElement":[{"@type":"ListItem","position":1,"name":"Portada","item":"https:\/\/www.bymishphotography.com\/es\/"},{"@type":"ListItem","position":2,"name":"Inicio"}]},{"@type":"WebSite","@id":"https:\/\/www.bymishphotography.com\/es\/#website","url":"https:\/\/www.bymishphotography.com\/es\/","name":"Mische Fotograf\u00eda","description":"Mische Fotograf&iacute;a Barcelona","publisher":{"@id":"https:\/\/www.bymishphotography.com\/es\/#organization"},"potentialAction":[{"@type":"SearchAction","target":{"@type":"EntryPoint","urlTemplate":"https:\/\/www.bymishphotography.com\/es\/?s={search_term_string}"},"query-input":{"@type":"PropertyValueSpecification","valueRequired":true,"valueName":"search_term_string"}}],"inLanguage":"es"},{"@type":"Organization","@id":"https:\/\/www.bymishphotography.com\/es\/#organization","name":"Mische Fotograf\u00eda","url":"https:\/\/www.bymishphotography.com\/es\/","logo":{"@type":"ImageObject","inLanguage":"es","@id":"https:\/\/www.bymishphotography.com\/es\/#\/schema\/logo\/image\/","url":"https:\/\/www.bymishphotography.com\/wp-content\/uploads\/2023\/11\/finalimageOnly-1.png","contentUrl":"https:\/\/www.bymishphotography.com\/wp-content\/uploads\/2023\/11\/finalimageOnly-1.png","width":71,"height":65,"caption":"Mische Fotograf\u00eda"},"image":{"@id":"https:\/\/www.bymishphotography.com\/es\/#\/schema\/logo\/image\/"}}]}},"_links":{"self":[{"href":"https:\/\/www.bymishphotography.com\/es\/wp-json\/wp\/v2\/pages\/12","targetHints":{"allow":["GET"]}}],"collection":[{"href":"https:\/\/www.bymishphotography.com\/es\/wp-json\/wp\/v2\/pages"}],"about":[{"href":"https:\/\/www.bymishphotography.com\/es\/wp-json\/wp\/v2\/types\/page"}],"author":[{"embeddable":true,"href":"https:\/\/www.bymishphotography.com\/es\/wp-json\/wp\/v2\/users\/1"}],"replies":[{"embeddable":true,"href":"https:\/\/www.bymishphotography.com\/es\/wp-json\/wp\/v2\/comments?post=12"}],"version-history":[{"count":259,"href":"https:\/\/www.bymishphotography.com\/es\/wp-json\/wp\/v2\/pages\/12\/revisions"}],"predecessor-version":[{"id":963,"href":"https:\/\/www.bymishphotography.com\/es\/wp-json\/wp\/v2\/pages\/12\/revisions\/963"}],"wp:attachment":[{"href":"https:\/\/www.bymishphotography.com\/es\/wp-json\/wp\/v2\/media?parent=12"}],"curies":[{"name":"wp","href":"https:\/\/api.w.org\/{rel}","templated":true}]}}